{"id":1524,"date":"2022-03-13T15:55:39","date_gmt":"2022-03-13T14:55:39","guid":{"rendered":"https:\/\/sendeplan.schwarze-welle.com\/?post_type=members&#038;p=1524"},"modified":"2022-03-13T16:03:15","modified_gmt":"2022-03-13T15:03:15","slug":"m-a-n-n-i","status":"publish","type":"members","link":"https:\/\/schwarze-welle.com\/?members=m-a-n-n-i","title":{"rendered":"M.A.N.N.I."},"content":{"rendered":"<p>Also was bin ich? Ich bin das was der Dunkelheit &nbsp;Angst macht und dem Licht die Helligkeit raubt.<br \/>\nIch bin zu alt um in der Schule die Lehrer zu verhauen und zu jung um dem Friedhofsg\u00e4rtner die<br \/>\nPflanzenwurzeln von unten weg zu knabbern.&nbsp;Das Licht verkriecht sich vor mir in der Dunkelheit,<br \/>\ndie Dunkelheit fl\u00fcchtet ins Licht vor mir. Also was ich bin liegt im Auge des Betrachters &#8211;<br \/>\naber eines bin ich immer.<br \/>\nIch bin immer ICH.<\/p>\n<p>&nbsp;<\/p>\n<p><strong>Nachruf:<\/strong><\/p>\n<div class=\"wpb_column vc_column_container vc_col-sm-12\">\n<div class=\"vc_column-inner\">\n<div class=\"wpb_wrapper\">\n<div class=\"wpb_text_column wpb_content_element vc_custom_1609403472768\">\n<div class=\"wpb_wrapper\">\n<p><strong>Manni P.<\/strong><br \/>\n(*09.02.1949 \u2013 \u2020 24.11.2020)<\/p>\n<p>Auf der gro\u00dfen Lebensreise<br \/>\nbin ich nun angekommen.<\/p>\n<p>Ihr denkt vielleicht \u2013 auf Eure Weise,<br \/>\nich bin g\u00e4nzlich Euch entkommen.<\/p>\n<p>Im realen Spiel des Lebens<br \/>\nhab ich das letzte Blatt gespielt.<\/p>\n<p>Ich bin am Ende allen Strebens,<br \/>\nwo niemand mehr ein Leiden f\u00fchlt.<\/p>\n<p>Die Sinne ruh\u2019n, der K\u00f6rper rastet<br \/>\nvom ganzen Tageseinerlei.<\/p>\n<p>Meine Seele ist entlastet,<br \/>\nschwebt durch die L\u00fcfte leicht und frei.<\/p>\n<p>Ich \u00fcberwandt des Lebens Schranken<br \/>\nund bin in Euch \u2013 mehr als Ihr meint.<\/p>\n<p>In Eu\u2019ren Herzen und Gedanken<br \/>\nsind wir auf ewig l\u00e4ngst vereint.<\/p>\n<p><strong>Mit gro\u00dfer Best\u00fcrzung und unendlicher Trauer verk\u00fcnden wir den Tod unseres geliebten Intendanten Manni P.<\/strong><\/p>\n<p>Als Manni P. hat er seinerzeit das Herz der Schwarzen Welle gebildet, uns gef\u00f6rdert und geformt.<br \/>\nSein unerm\u00fcdlicher Kampfesgeist, dieses Radio zu etwas Besonderem zu machen, hielt ihn nicht davon ab,&nbsp; das Team im Laufe der Zeit 3x zu erneuern, bis es letztlich zu dem wurde, welches ihr heute kennt.<\/p>\n<p>Er war es, der immer ein positives Gef\u00fchl vermittelte, egal wie es ihm ging.<\/p>\n<p>Er war es immer, der uns zusammenhielt und uns erdete.<\/p>\n<p>Er war derjenige, der uns mit seinem Lachen und seinem gutm\u00fctigen Wesen in unserem Tun best\u00e4rkte und selbst wenn wir an uns zweifelten, so tat er das nie.<\/p>\n<p>Er bezeichnete die Welle immer als seinen Hafen und uns \u2013 seine Moderatoren \u2013 als seine Z\u00f6glinge.<\/p>\n<p>Am liebsten sa\u00df er inmitten seiner Geistkollegen auf seinem zuk\u00fcnftigen Stein auf dem Nordfriedhof und schaute den anderen beim Treiben zu.<br \/>\nEr l\u00e4chelte milde, da er wusste das auch er sich irgendwann dazu gesellt.<\/p>\n<p>Das es jedoch so pl\u00f6tzlich und ohne jegliche Vorank\u00fcndigung kam, h\u00e4tte er sich wohl auch nicht vorstellen k\u00f6nnen, aber der F\u00e4hrmann hat ihn auf sein Boot geholt und sanft zur anderen Seite geleitet.<br \/>\nGerne denken wir alle an das erste Telefonat, die erste Nachricht oder die erste Sendung zur\u00fcck, bei der unser Geist zugegen war und auch mitteilte, was ihm gut gefiel oder nicht so gut gefiel.<br \/>\nGenauso mochte er es, wenn wir unsere Empfindungen mit ihm teilten, wenn er seine Sendungen moderierte.<\/p>\n<p>Allseits beliebt war auch sein Treffen was er gerne das \u201aSchwarze Grillen\u2018 nannte. Er reichte dort Salat, Getr\u00e4nke und seine unfassbar guten Bratw\u00fcrstchen, deren Rezept er nur ein einziges Mal verriet, es aber nie in unserem Forum ver\u00f6ffentlichte.<br \/>\nGerne h\u00e4tten wir es dieses Jahr wiederholt, aber es hat leider nicht sein sollen.<\/p>\n<p>Seine Stimme, sein Wesen, seine ruhige Art werden uns unendlich fehlen.<\/p>\n<p>Wir werden Manni in Ehren halten und auch sein Baby, sein Radio in seinem Gedenken und in seinem Sinne weiterf\u00fchren.<br \/>\nAll unsere Liebe, Glaube, Hoffnung und Kraft gelten seiner Familie.<\/p>\n<p>Die Beisetzung fand im engsten Familien- und Freundeskreis statt. Selbige bittet darum, von Beileidsbekundungen jeglicher Art abzusehen, um die Privatsph\u00e4re zu wahren und eine ungest\u00f6rte Trauerbew\u00e4ltigung m\u00f6glich zu machen.<\/p>\n<p>Wir werden Dich niemals vergessen!<\/p>\n<p>In Ewiger Verbundenheit<\/p>\n<p>Das Team der Schwarzen Welle<\/p>\n<\/div>\n<\/div>\n<\/div>\n<\/div>\n<\/div>\n","protected":false},"featured_media":1525,"menu_order":999,"template":"","meta":{"_acf_changed":false,"ngg_post_thumbnail":0,"footnotes":""},"class_list":["post-1524","members","type-members","status-publish","has-post-thumbnail","hentry","membertype-gute-seele"],"acf":[],"jetpack_sharing_enabled":true,"_links":{"self":[{"href":"https:\/\/schwarze-welle.com\/index.php?rest_route=\/wp\/v2\/members\/1524","targetHints":{"allow":["GET"]}}],"collection":[{"href":"https:\/\/schwarze-welle.com\/index.php?rest_route=\/wp\/v2\/members"}],"about":[{"href":"https:\/\/schwarze-welle.com\/index.php?rest_route=\/wp\/v2\/types\/members"}],"version-history":[{"count":0,"href":"https:\/\/schwarze-welle.com\/index.php?rest_route=\/wp\/v2\/members\/1524\/revisions"}],"wp:featuredmedia":[{"embeddable":true,"href":"https:\/\/schwarze-welle.com\/index.php?rest_route=\/wp\/v2\/media\/1525"}],"wp:attachment":[{"href":"https:\/\/schwarze-welle.com\/index.php?rest_route=%2Fwp%2Fv2%2Fmedia&parent=1524"}],"curies":[{"name":"wp","href":"https:\/\/api.w.org\/{rel}","templated":true}]}}